{"id":3251,"date":"2021-06-20T08:01:22","date_gmt":"2021-06-20T08:01:22","guid":{"rendered":"https:\/\/casevacanzecefalu.com\/?post_type=listing&#038;p=3251"},"modified":"2025-03-17T16:28:28","modified_gmt":"2025-03-17T16:28:28","slug":"vista-mare","status":"publish","type":"listing","link":"https:\/\/casevacanzecefalu.com\/de\/listing\/vista-mare\/","title":{"rendered":"Vista Mare"},"content":{"rendered":"<p>Vista Mare \u00e8 un Grazioso appartamento a 2 livelli arredato con cura nel cuore di Cefal\u00f9 recentemente ristrutturato e ubicato al quarto piano e terzo piano con scala comoda , in una delle vie pi\u00f9 caratteristiche del centro storico cefaludese, Via Giovanni Amendola, Cortile Vizzini 11.All\u2019interno al 3 piano troviamo una stanza matrimoniale con letto francese e con balcone, connessione WiFi gratuita per l&#8217;intero alloggio e una aria condizionata. Al 4 piano all\u2019 interno troviamo una cucina arredata e un piccolo divano, tv, asciugamani, telo doccia, asciuga capelli ,ombrellone. bagno privato con doccia, \u00e8 fornito di lavatrice. Inoltre c\u2019\u00e8 un terrazzino , dove potrete ammirare la vista mare godere del mare o fermarvi per riposare dopo le camminate in centro. Il monolocale \u00e8 situato in centro storico, zona a traffico limitato che non \u00e8 possibile raggiungere in auto. E&#8217; facilmente raggiungibile anche per chi arriva in treno \u00e8 a quindici minuti dalla stazione La pulizia finale \u00e8 inclusa nel prezzo, ma \u00e8 responsabilit\u00e0 degli ospiti lasciare pulito l&#8217;angolo cottura, portare fuori l&#8217;immondizia e non lasciare cibo. Non sono fornite pulizia giornaliera e colazione. Vogliamo garantire ai nostri ospiti di trascorre momenti di pace e relax; e dal momento che le sistemazioni sono dei appartamenti privati, chiediamo ai nostri ospiti di comportarsi con rispetto nei confronti dei vicini.<\/p>\n<p><span style=\"color: #ff0000\">Listino prezzi per 2 persone 2025<\/span>:<\/p>\n<p><em>Gennaio:<\/em> <strong>a notte<\/strong> \u20ac95\u00a0 \u00a0 <strong>per 2 notti<\/strong> \u20ac120\u00a0 <strong>per 7 notti<\/strong> \u20ac300<\/p>\n<p><em>Febbraio<\/em>: <strong>a notte<\/strong> \u20ac95\u00a0 \u00a0<strong>per 2 notti<\/strong> \u20ac120\u00a0 \u00a0 <strong>per 7 notti<\/strong> \u20ac300<\/p>\n<p><em>Marzo<\/em>:<strong> a notte<\/strong> \u20ac95\u00a0 \u00a0 <strong>per 2 notti<\/strong> \u20ac120\u00a0 \u00a0 <strong>per 7 notti<\/strong> \u20ac300<\/p>\n<p><em>Aprile<\/em>: <strong>a notte<\/strong> \u20ac95\u00a0 \u00a0<strong>per 2 notti<\/strong> \u20ac120\u00a0 \u00a0 <strong>per 7 notti<\/strong> \u20ac350<\/p>\n<p><em>Maggio<\/em>: <strong>a notte<\/strong> \u20ac100\u00a0 \u00a0<strong>per 2 notti<\/strong> \u20ac 140\u00a0 \u00a0<strong>per 7 notti<\/strong> \u20ac380<\/p>\n<p><em>Giugno<\/em>: <strong>a notte<\/strong> \u20ac100\u00a0 \u00a0<strong>per 2 notti<\/strong> \u20ac160\u00a0 \u00a0 <strong>per 7 notti<\/strong> \u20ac450<\/p>\n<p><em>Luglio:<\/em> <em>dal 01\/07\/22 al 15\/07\/22<\/em>\u00a0 \u00a0<strong>a notte<\/strong> \u20ac115<\/p>\n<p><em>Luglio:<\/em> <em>dal 16\/07\/22 al 31\/07\/22<\/em>\u00a0 \u00a0<strong>a notte<\/strong> \u20ac125<\/p>\n<p><em>Agosto:<\/em> <em>giorno 14\/08\/22<\/em> \u20ac300<br \/>\n<em>Agosto:<\/em>\u00a0<em>giorno 15\/08\/22<\/em> \u20ac180<\/p>\n<p><em>Agosto:<\/em> <em>dal 01\/08\/22 al 20\/08\/22<\/em>\u00a0 \u00a0<strong>a notte<\/strong> \u20ac130<\/p>\n<p><em>Fine agosto:<\/em> <em>dal 21\/08\/22 al 31\/08\/22<\/em>\u00a0 <strong>a notte<\/strong> \u20ac125<\/p>\n<p><em>Settembre:<\/em> <em>dal 1\/09\/22 al 15\/09\/22<\/em>\u00a0 \u00a0<strong>a notte<\/strong> \u20ac120\u00a0 \u00a0 \u00a0<strong>per 2 notti<\/strong> \u20ac 230\u00a0\u00a0<strong> per 7 notti<\/strong> \u20ac750<\/p>\n<p><em>fine settembre:<\/em> <em>dal 16\/09\/22 al 30\/09\/22<\/em>\u00a0 <strong>a notte<\/strong> \u20ac105\u00a0 \u00a0 <strong>per 2 notti<\/strong> \u20ac 200\u00a0 \u00a0<strong>per 7 notti<\/strong> \u20ac650<\/p>\n<p><em>Ottobre<\/em>: <strong>a notte<\/strong> \u20ac95\u00a0 \u00a0 <strong>per 2 nott<\/strong>i \u20ac160\u00a0 \u00a0 <strong>per 7 notti<\/strong> \u20ac 400<\/p>\n<p><em>Novembre<\/em>: <strong>a notte<\/strong> \u00a0\u20ac95\u00a0 \u00a0<strong>per 2 notti<\/strong> \u20ac 120\u00a0 \u00a0<strong>per 7 notti<\/strong> \u20ac300<\/p>\n<p><em>Dicembre<\/em>:<strong> a notte<\/strong> \u20ac95\u00a0 \u00a0 <strong>per 2 notti<\/strong> \u20ac120\u00a0 \u00a0<strong>per 7 notti<\/strong> \u20ac300<\/p>\nngg_shortcode_0_placeholder\n","protected":false},"excerpt":{"rendered":"<p>Vista Mare \u00e8 un Grazioso appartamento a 2 livelli arredato con cura nel cuore di Cefal\u00f9 recentemente ristrutturato e ubicato al quarto piano e terzo piano con scala comoda , in una delle vie pi\u00f9 caratteristiche del centro storico cefaludese, Via Giovanni Amendola, Cortile Vizzini 11.All\u2019interno al 3 piano troviamo una stanza matrimoniale con letto [&hellip;]<\/p>\n","protected":false},"author":1,"featured_media":3253,"parent":0,"menu_order":0,"template":"","meta":{"ngg_post_thumbnail":0,"_joinchat":[],"footnotes":""},"listing_type":[35],"room_type":[24],"amenities":[12,30,19,40,39,44,31],"facilities":[],"listing_countries":[],"listing_states":[],"listing_cities":[],"listing_areas":[],"yoast_head":"<!-- This site is optimized with the Yoast SEO plugin v24.2 - https:\/\/yoast.com\/wordpress\/plugins\/seo\/ -->\n<title>Vista Mare - Case Vacanze Cefal\u00f9<\/title>\n<meta name=\"robots\" content=\"index, follow, max-snippet:-1, max-image-preview:large, max-video-preview:-1\" \/>\n<link rel=\"canonical\" href=\"https:\/\/casevacanzecefalu.com\/listing\/vista-mare\/\" \/>\n<meta property=\"og:locale\" content=\"de_DE\" \/>\n<meta property=\"og:type\" content=\"article\" \/>\n<meta property=\"og:title\" content=\"Vista Mare - Case Vacanze Cefal\u00f9\" \/>\n<meta property=\"og:description\" content=\"Vista Mare \u00e8 un Grazioso appartamento a 2 livelli arredato con cura nel cuore di Cefal\u00f9 recentemente ristrutturato e ubicato al quarto piano e terzo piano con scala comoda , in una delle vie pi\u00f9 caratteristiche del centro storico cefaludese, Via Giovanni Amendola, Cortile Vizzini 11.All\u2019interno al 3 piano troviamo una stanza matrimoniale con letto [&hellip;]\" \/>\n<meta property=\"og:url\" content=\"https:\/\/casevacanzecefalu.com\/listing\/vista-mare\/\" \/>\n<meta property=\"og:site_name\" content=\"Case Vacanze Cefal\u00f9\" \/>\n<meta property=\"article:modified_time\" content=\"2025-03-17T16:28:28+00:00\" \/>\n<meta property=\"og:image\" content=\"https:\/\/casevacanzecefalu.com\/wp-content\/uploads\/2021\/06\/vistamare.jpg\" \/>\n\t<meta property=\"og:image:width\" content=\"1280\" \/>\n\t<meta property=\"og:image:height\" content=\"853\" \/>\n\t<meta property=\"og:image:type\" content=\"image\/jpeg\" \/>\n<meta name=\"twitter:card\" content=\"summary_large_image\" \/>\n<meta name=\"twitter:label1\" content=\"Gesch\u00e4tzte Lesezeit\" \/>\n\t<meta name=\"twitter:data1\" content=\"1\u00a0Minute\" \/>\n<script type=\"application\/ld+json\" class=\"yoast-schema-graph\">{\"@context\":\"https:\/\/schema.org\",\"@graph\":[{\"@type\":\"WebPage\",\"@id\":\"https:\/\/casevacanzecefalu.com\/listing\/vista-mare\/\",\"url\":\"https:\/\/casevacanzecefalu.com\/listing\/vista-mare\/\",\"name\":\"Vista Mare - Case Vacanze Cefal\u00f9\",\"isPartOf\":{\"@id\":\"https:\/\/casevacanzecefalu.com\/#website\"},\"primaryImageOfPage\":{\"@id\":\"https:\/\/casevacanzecefalu.com\/listing\/vista-mare\/#primaryimage\"},\"image\":{\"@id\":\"https:\/\/casevacanzecefalu.com\/listing\/vista-mare\/#primaryimage\"},\"thumbnailUrl\":\"https:\/\/casevacanzecefalu.com\/wp-content\/uploads\/2021\/06\/vistamare.jpg\",\"datePublished\":\"2021-06-20T08:01:22+00:00\",\"dateModified\":\"2025-03-17T16:28:28+00:00\",\"breadcrumb\":{\"@id\":\"https:\/\/casevacanzecefalu.com\/listing\/vista-mare\/#breadcrumb\"},\"inLanguage\":\"de\",\"potentialAction\":[{\"@type\":\"ReadAction\",\"target\":[\"https:\/\/casevacanzecefalu.com\/listing\/vista-mare\/\"]}]},{\"@type\":\"ImageObject\",\"inLanguage\":\"de\",\"@id\":\"https:\/\/casevacanzecefalu.com\/listing\/vista-mare\/#primaryimage\",\"url\":\"https:\/\/casevacanzecefalu.com\/wp-content\/uploads\/2021\/06\/vistamare.jpg\",\"contentUrl\":\"https:\/\/casevacanzecefalu.com\/wp-content\/uploads\/2021\/06\/vistamare.jpg\",\"width\":1280,\"height\":853},{\"@type\":\"BreadcrumbList\",\"@id\":\"https:\/\/casevacanzecefalu.com\/listing\/vista-mare\/#breadcrumb\",\"itemListElement\":[{\"@type\":\"ListItem\",\"position\":1,\"name\":\"Home\",\"item\":\"https:\/\/casevacanzecefalu.com\/\"},{\"@type\":\"ListItem\",\"position\":2,\"name\":\"Listings\",\"item\":\"https:\/\/casevacanzecefalu.com\/listing\/\"},{\"@type\":\"ListItem\",\"position\":3,\"name\":\"Vista Mare\"}]},{\"@type\":\"WebSite\",\"@id\":\"https:\/\/casevacanzecefalu.com\/#website\",\"url\":\"https:\/\/casevacanzecefalu.com\/\",\"name\":\"Case Vacanze Cefal\u00f9\",\"description\":\"affitto case ed appartamenti a Cefal\u00f9\",\"publisher\":{\"@id\":\"https:\/\/casevacanzecefalu.com\/#organization\"},\"potentialAction\":[{\"@type\":\"SearchAction\",\"target\":{\"@type\":\"EntryPoint\",\"urlTemplate\":\"https:\/\/casevacanzecefalu.com\/?s={search_term_string}\"},\"query-input\":{\"@type\":\"PropertyValueSpecification\",\"valueRequired\":true,\"valueName\":\"search_term_string\"}}],\"inLanguage\":\"de\"},{\"@type\":\"Organization\",\"@id\":\"https:\/\/casevacanzecefalu.com\/#organization\",\"name\":\"Case Vacanze Cefal\u00f9\",\"url\":\"https:\/\/casevacanzecefalu.com\/\",\"logo\":{\"@type\":\"ImageObject\",\"inLanguage\":\"de\",\"@id\":\"https:\/\/casevacanzecefalu.com\/#\/schema\/logo\/image\/\",\"url\":\"https:\/\/casevacanzecefalu.com\/wp-content\/uploads\/2019\/12\/casevacanzacefalu.png\",\"contentUrl\":\"https:\/\/casevacanzecefalu.com\/wp-content\/uploads\/2019\/12\/casevacanzacefalu.png\",\"width\":300,\"height\":73,\"caption\":\"Case Vacanze Cefal\u00f9\"},\"image\":{\"@id\":\"https:\/\/casevacanzecefalu.com\/#\/schema\/logo\/image\/\"}}]}<\/script>\n<!-- \/ Yoast SEO plugin. -->","yoast_head_json":{"title":"Vista Mare - Case Vacanze Cefal\u00f9","robots":{"index":"index","follow":"follow","max-snippet":"max-snippet:-1","max-image-preview":"max-image-preview:large","max-video-preview":"max-video-preview:-1"},"canonical":"https:\/\/casevacanzecefalu.com\/listing\/vista-mare\/","og_locale":"de_DE","og_type":"article","og_title":"Vista Mare - Case Vacanze Cefal\u00f9","og_description":"Vista Mare \u00e8 un Grazioso appartamento a 2 livelli arredato con cura nel cuore di Cefal\u00f9 recentemente ristrutturato e ubicato al quarto piano e terzo piano con scala comoda , in una delle vie pi\u00f9 caratteristiche del centro storico cefaludese, Via Giovanni Amendola, Cortile Vizzini 11.All\u2019interno al 3 piano troviamo una stanza matrimoniale con letto [&hellip;]","og_url":"https:\/\/casevacanzecefalu.com\/listing\/vista-mare\/","og_site_name":"Case Vacanze Cefal\u00f9","article_modified_time":"2025-03-17T16:28:28+00:00","og_image":[{"width":1280,"height":853,"url":"https:\/\/casevacanzecefalu.com\/wp-content\/uploads\/2021\/06\/vistamare.jpg","type":"image\/jpeg"}],"twitter_card":"summary_large_image","twitter_misc":{"Gesch\u00e4tzte Lesezeit":"1\u00a0Minute"},"schema":{"@context":"https:\/\/schema.org","@graph":[{"@type":"WebPage","@id":"https:\/\/casevacanzecefalu.com\/listing\/vista-mare\/","url":"https:\/\/casevacanzecefalu.com\/listing\/vista-mare\/","name":"Vista Mare - Case Vacanze Cefal\u00f9","isPartOf":{"@id":"https:\/\/casevacanzecefalu.com\/#website"},"primaryImageOfPage":{"@id":"https:\/\/casevacanzecefalu.com\/listing\/vista-mare\/#primaryimage"},"image":{"@id":"https:\/\/casevacanzecefalu.com\/listing\/vista-mare\/#primaryimage"},"thumbnailUrl":"https:\/\/casevacanzecefalu.com\/wp-content\/uploads\/2021\/06\/vistamare.jpg","datePublished":"2021-06-20T08:01:22+00:00","dateModified":"2025-03-17T16:28:28+00:00","breadcrumb":{"@id":"https:\/\/casevacanzecefalu.com\/listing\/vista-mare\/#breadcrumb"},"inLanguage":"de","potentialAction":[{"@type":"ReadAction","target":["https:\/\/casevacanzecefalu.com\/listing\/vista-mare\/"]}]},{"@type":"ImageObject","inLanguage":"de","@id":"https:\/\/casevacanzecefalu.com\/listing\/vista-mare\/#primaryimage","url":"https:\/\/casevacanzecefalu.com\/wp-content\/uploads\/2021\/06\/vistamare.jpg","contentUrl":"https:\/\/casevacanzecefalu.com\/wp-content\/uploads\/2021\/06\/vistamare.jpg","width":1280,"height":853},{"@type":"BreadcrumbList","@id":"https:\/\/casevacanzecefalu.com\/listing\/vista-mare\/#breadcrumb","itemListElement":[{"@type":"ListItem","position":1,"name":"Home","item":"https:\/\/casevacanzecefalu.com\/"},{"@type":"ListItem","position":2,"name":"Listings","item":"https:\/\/casevacanzecefalu.com\/listing\/"},{"@type":"ListItem","position":3,"name":"Vista Mare"}]},{"@type":"WebSite","@id":"https:\/\/casevacanzecefalu.com\/#website","url":"https:\/\/casevacanzecefalu.com\/","name":"Case Vacanze Cefal\u00f9","description":"affitto case ed appartamenti a Cefal\u00f9","publisher":{"@id":"https:\/\/casevacanzecefalu.com\/#organization"},"potentialAction":[{"@type":"SearchAction","target":{"@type":"EntryPoint","urlTemplate":"https:\/\/casevacanzecefalu.com\/?s={search_term_string}"},"query-input":{"@type":"PropertyValueSpecification","valueRequired":true,"valueName":"search_term_string"}}],"inLanguage":"de"},{"@type":"Organization","@id":"https:\/\/casevacanzecefalu.com\/#organization","name":"Case Vacanze Cefal\u00f9","url":"https:\/\/casevacanzecefalu.com\/","logo":{"@type":"ImageObject","inLanguage":"de","@id":"https:\/\/casevacanzecefalu.com\/#\/schema\/logo\/image\/","url":"https:\/\/casevacanzecefalu.com\/wp-content\/uploads\/2019\/12\/casevacanzacefalu.png","contentUrl":"https:\/\/casevacanzecefalu.com\/wp-content\/uploads\/2019\/12\/casevacanzacefalu.png","width":300,"height":73,"caption":"Case Vacanze Cefal\u00f9"},"image":{"@id":"https:\/\/casevacanzecefalu.com\/#\/schema\/logo\/image\/"}}]}},"_links":{"self":[{"href":"https:\/\/casevacanzecefalu.com\/de\/wp-json\/wp\/v2\/listings\/3251"}],"collection":[{"href":"https:\/\/casevacanzecefalu.com\/de\/wp-json\/wp\/v2\/listings"}],"about":[{"href":"https:\/\/casevacanzecefalu.com\/de\/wp-json\/wp\/v2\/types\/listing"}],"author":[{"embeddable":true,"href":"https:\/\/casevacanzecefalu.com\/de\/wp-json\/wp\/v2\/users\/1"}],"version-history":[{"count":22,"href":"https:\/\/casevacanzecefalu.com\/de\/wp-json\/wp\/v2\/listings\/3251\/revisions"}],"predecessor-version":[{"id":3794,"href":"https:\/\/casevacanzecefalu.com\/de\/wp-json\/wp\/v2\/listings\/3251\/revisions\/3794"}],"wp:featuredmedia":[{"embeddable":true,"href":"https:\/\/casevacanzecefalu.com\/de\/wp-json\/wp\/v2\/media\/3253"}],"wp:attachment":[{"href":"https:\/\/casevacanzecefalu.com\/de\/wp-json\/wp\/v2\/media?parent=3251"}],"wp:term":[{"taxonomy":"listing_type","embeddable":true,"href":"https:\/\/casevacanzecefalu.com\/de\/wp-json\/wp\/v2\/listing_type?post=3251"},{"taxonomy":"room_type","embeddable":true,"href":"https:\/\/casevacanzecefalu.com\/de\/wp-json\/wp\/v2\/room_type?post=3251"},{"taxonomy":"listing_amenity","embeddable":true,"href":"https:\/\/casevacanzecefalu.com\/de\/wp-json\/wp\/v2\/amenities?post=3251"},{"taxonomy":"listing_facility","embeddable":true,"href":"https:\/\/casevacanzecefalu.com\/de\/wp-json\/wp\/v2\/facilities?post=3251"},{"taxonomy":"listing_country","embeddable":true,"href":"https:\/\/casevacanzecefalu.com\/de\/wp-json\/wp\/v2\/listing_countries?post=3251"},{"taxonomy":"listing_state","embeddable":true,"href":"https:\/\/casevacanzecefalu.com\/de\/wp-json\/wp\/v2\/listing_states?post=3251"},{"taxonomy":"listing_city","embeddable":true,"href":"https:\/\/casevacanzecefalu.com\/de\/wp-json\/wp\/v2\/listing_cities?post=3251"},{"taxonomy":"listing_area","embeddable":true,"href":"https:\/\/casevacanzecefalu.com\/de\/wp-json\/wp\/v2\/listing_areas?post=3251"}],"curies":[{"name":"wp","href":"https:\/\/api.w.org\/{rel}","templated":true}]}}