{"id":2115,"date":"2018-11-20T19:17:44","date_gmt":"2018-11-20T19:17:44","guid":{"rendered":"http:\/\/wordpress-89239-751664.cloudwaysapps.com\/?page_id=2115"},"modified":"2020-01-12T18:02:23","modified_gmt":"2020-01-12T18:02:23","slug":"vacanze-sicilia-cefalu-luoghi-da-visitare","status":"publish","type":"page","link":"https:\/\/casevacanzecefalu.com\/de\/vacanze-sicilia-cefalu-luoghi-da-visitare\/","title":{"rendered":"Cefal\u00f9"},"content":{"rendered":"<p>[vc_row full_width=&#8221;stretch_row&#8221; disable_element=&#8221;yes&#8221; css=&#8221;.vc_custom_1572466617827{margin-top: -21px !important;background-position: center !important;background-repeat: no-repeat !important;background-size: cover !important;}&#8221; el_class=&#8221;white-text&#8221;][vc_column width=&#8221;1\/6&#8243;][\/vc_column][vc_column width=&#8221;2\/3&#8243;]<div style=\"clear:both; width:100%; height:150px\"><\/div><div style=\"clear:both; width:100%; height:300px\"><\/div>[\/vc_column][vc_column width=&#8221;1\/6&#8243;][\/vc_column][\/vc_row][vc_row full_width=&#8221;stretch_row&#8221; css=&#8221;.vc_custom_1542742533541{background-position: center !important;background-repeat: no-repeat !important;background-size: cover !important;}&#8221;][vc_column width=&#8221;1\/6&#8243;][\/vc_column][vc_column width=&#8221;2\/3&#8243;]<div style=\"clear:both; width:100%; height:50px\"><\/div>[vc_separator color=&#8221;custom&#8221; border_width=&#8221;3&#8243; el_width=&#8221;10&#8243; accent_color=&#8221;#5b8b8b&#8221;]\t\t<div class=\"homey-module module-title section-title-module text-center homey-section-title-light\">\r\n\t\t\t<h2 style=\"font-size: 40px; line-height: 50px;\">Da vedere a Cefal\u00f9<\/h2>\r\n\r\n\t\t\t<p  class=\"sub-heading\"><\/p>\r\n\t\t<\/div>\r\n\t\t[vc_column_text]<\/p>\n<p style=\"text-align: center;\">Uno dei paesi pi\u00f9 belli del mediterraneo \u00a0ricco di storia e tradizioni<\/p>\n<p>[\/vc_column_text]<div style=\"clear:both; width:100%; height:30px\"><\/div>[\/vc_column][vc_column width=&#8221;1\/6&#8243;][\/vc_column][\/vc_row][vc_row][vc_column width=&#8221;1\/3&#8243;][vc_single_image image=&#8221;2342&#8243; img_size=&#8221;600&#215;400&#8243; onclick=&#8221;zoom&#8221;]\t\t<div class=\"homey-module module-title section-title-module text-left \">\r\n\t\t\t<h2 style=\"font-size: 24px; line-height: 34px;\">Il Duomo<\/h2>\r\n\r\n\t\t\t<p  class=\"sub-heading\"><\/p>\r\n\t\t<\/div>\r\n\t\t[vc_column_text]La struttura del duomo di Cefal\u00f9, ricalca le consuete tipologie edilizie ed architettoniche delle costruzioni religiose normanne ed \u00e8, per molti versi, simile al Duomo di Monreale. Il monumentale edificio \u00e8 situato ai piedi della Rocca, promontorio roccioso sul mare di eccezionale valore paesaggistico.[\/vc_column_text][\/vc_column][vc_column width=&#8221;1\/3&#8243;][vc_single_image image=&#8221;2349&#8243; img_size=&#8221;600&#215;400&#8243;]\t\t<div class=\"homey-module module-title section-title-module text-left \">\r\n\t\t\t<h2 style=\"font-size: 24px; line-height: 34px;\">Il Lavatoio Medievale<\/h2>\r\n\r\n\t\t\t<p  class=\"sub-heading\"><\/p>\r\n\t\t<\/div>\r\n\t\t[vc_column_text]In via Vittorio Emanuele si trova il lavatoio pubblico conosciuto come &#8220;Lavatoio Medioevale&#8221;. Nei primi anni del 1500 fu demolito e ricostruito in posizione pi\u00f9 arretrata rispetto alle mura cittadine e il fiume che prima scorreva a cielo aperto venne coperto dalle costruzioni con lo svilupparsi del paese.[\/vc_column_text][\/vc_column][vc_column width=&#8221;1\/3&#8243;][vc_single_image image=&#8221;2351&#8243; img_size=&#8221;600&#215;400&#8243;]\t\t<div class=\"homey-module module-title section-title-module text-left \">\r\n\t\t\t<h2 style=\"font-size: 24px; line-height: 34px;\">Il Tempio di Diana<\/h2>\r\n\r\n\t\t\t<p  class=\"sub-heading\"><\/p>\r\n\t\t<\/div>\r\n\t\t[vc_column_text]Costruzione megalitica risalente al V sec. a.C. Ebbe originariamente una funzione sacra legata al culto locale dell&#8217;acqua.<br \/>\nLa sua origine sacra \u00e8 ulteriormente confermata dal fatto che su di essa, in epoca bizantina, si costru\u00ec una chiesa e per il ritrovamento di vari reperti religiosi.[\/vc_column_text]<div style=\"clear:both; width:100%; height:60px\"><\/div>[\/vc_column][\/vc_row][vc_row][vc_column width=&#8221;1\/3&#8243;][vc_single_image image=&#8221;2353&#8243; img_size=&#8221;600&#215;400&#8243; onclick=&#8221;zoom&#8221;]\t\t<div class=\"homey-module module-title section-title-module text-left \">\r\n\t\t\t<h2 style=\"font-size: 24px; line-height: 34px;\">Il Museo Mandralisca<\/h2>\r\n\r\n\t\t\t<p  class=\"sub-heading\"><\/p>\r\n\t\t<\/div>\r\n\t\t[vc_column_text]Il Museo Mandralisca \u00e8 l&#8217;unico museo della citt\u00e0 di Cefal\u00f9. La fondazione si deve al barone Enrico Pirajno di Mandralisca, che raccolse, nella sua pur breve vita (1809-1864), numerosi oggetti d&#8217;arte mettendoli nella sua abitazione, dove tuttora si trovano.[\/vc_column_text][\/vc_column][vc_column width=&#8221;1\/3&#8243;][vc_single_image image=&#8221;2366&#8243; img_size=&#8221;600&#215;400&#8243;]\t\t<div class=\"homey-module module-title section-title-module text-left \">\r\n\t\t\t<h2 style=\"font-size: 24px; line-height: 34px;\">Il Castello<\/h2>\r\n\r\n\t\t\t<p  class=\"sub-heading\"><\/p>\r\n\t\t<\/div>\r\n\t\t[vc_column_text]In cima alla Rocca si trovano i suggestivi ruderi del Castello di Cefal\u00f9, risalente al XIII-XIV sec. di dimensioni modeste, ricopre un&#8217;area rettangolare di 35 m. per 20 m. Di tale struttura, si conservano le antiche pietre rimaste a testimonianza della trascorsa potenza, resti che hanno consentito comunque di tracciare[\/vc_column_text][\/vc_column][vc_column width=&#8221;1\/3&#8243;][vc_single_image image=&#8221;2368&#8243; img_size=&#8221;600&#215;400&#8243;]\t\t<div class=\"homey-module module-title section-title-module text-left \">\r\n\t\t\t<h2 style=\"font-size: 24px; line-height: 34px;\">Le mura megalitiche<\/h2>\r\n\r\n\t\t\t<p  class=\"sub-heading\"><\/p>\r\n\t\t<\/div>\r\n\t\t[vc_column_text]Tutt\u2019oggi sono ben evidenti le antiche fortificazioni, denominate mura megalitiche e databili non prima del V sec. a.C., realizzate con grandi blocchi di pietra calcare impostati a secco, si presentano alla vista in maniera imponente con uno spessore anche di tre metri.[\/vc_column_text]<div style=\"clear:both; width:100%; height:60px\"><\/div>[\/vc_column][\/vc_row][vc_row full_width=&#8221;stretch_row&#8221; css=&#8221;.vc_custom_1542747303088{background-color: #ffffff !important;background-position: center !important;background-repeat: no-repeat !important;background-size: cover !important;}&#8221;][vc_column width=&#8221;1\/6&#8243;][\/vc_column][vc_column width=&#8221;2\/3&#8243;]<div style=\"clear:both; width:100%; height:50px\"><\/div>[vc_separator color=&#8221;custom&#8221; border_width=&#8221;3&#8243; el_width=&#8221;10&#8243; accent_color=&#8221;#5b8b8b&#8221;]\t\t<div class=\"homey-module module-title section-title-module text-center homey-section-title-light\">\r\n\t\t\t<h2 style=\"font-size: 40px; line-height: 50px;\">Gallery<\/h2>\r\n\r\n\t\t\t<p  class=\"sub-heading\"><\/p>\r\n\t\t<\/div>\r\n\t\t<div style=\"clear:both; width:100%; height:30px\"><\/div>[vc_gallery type=&#8221;flexslider_slide&#8221; interval=&#8221;3&#8243; images=&#8221;2373,2372,2371,2370&#8243; img_size=&#8221;large&#8221;][\/vc_column][vc_column width=&#8221;1\/6&#8243;][\/vc_column][\/vc_row][vc_row full_width=&#8221;stretch_row&#8221; disable_element=&#8221;yes&#8221; css=&#8221;.vc_custom_1572027680058{background-position: center !important;background-repeat: no-repeat !important;background-size: cover !important;}&#8221;][vc_column width=&#8221;1\/6&#8243;][\/vc_column][vc_column width=&#8221;2\/3&#8243;]<div style=\"clear:both; width:100%; height:50px\"><\/div>[vc_separator color=&#8221;custom&#8221; border_width=&#8221;3&#8243; el_width=&#8221;10&#8243; accent_color=&#8221;#5b8b8b&#8221;]\t\t<div class=\"homey-module module-title section-title-module text-center homey-section-title-light\">\r\n\t\t\t<h2 style=\"font-size: 40px; line-height: 50px;\">Our Rooms<\/h2>\r\n\r\n\t\t\t<p  class=\"sub-heading\"><\/p>\r\n\t\t<\/div>\r\n\t\t<div style=\"clear:both; width:100%; height:30px\"><\/div>[\/vc_column][vc_column width=&#8221;1\/6&#8243;][\/vc_column][\/vc_row][vc_row disable_element=&#8221;yes&#8221;][vc_column width=&#8221;1\/4&#8243;]\n        <div class=\"module-wrap property-module-by-id\">\n            <div class=\"listing-wrap item-grid-view\">\n                <div class=\"item-wrap\"><h4 class=\"not-found\">Sorry no results found<\/h4><\/div>            <\/div><!-- grid-listing-page -->\n        <\/div>\n\n        [\/vc_column][vc_column width=&#8221;1\/4&#8243;]\n        <div class=\"module-wrap property-module-by-id\">\n            <div class=\"listing-wrap item-grid-view\">\n                <div class=\"item-wrap\"><h4 class=\"not-found\">Sorry no results found<\/h4><\/div>            <\/div><!-- grid-listing-page -->\n        <\/div>\n\n        [\/vc_column][vc_column width=&#8221;1\/4&#8243;]\n        <div class=\"module-wrap property-module-by-id\">\n            <div class=\"listing-wrap item-grid-view\">\n                <div class=\"item-wrap\"><h4 class=\"not-found\">Sorry no results found<\/h4><\/div>            <\/div><!-- grid-listing-page -->\n        <\/div>\n\n        [\/vc_column][vc_column width=&#8221;1\/4&#8243;]\n        <div class=\"module-wrap property-module-by-id\">\n            <div class=\"listing-wrap item-grid-view\">\n                <div class=\"item-wrap infobox_trigger homey-matchHeight\"  data-id=\"334\">\n    <div class=\"media property-item\">\n        <div class=\"media-left\">\n            <div class=\"item-media item-media-thumb\">\n                \n                \n                <a class=\"hover-effect\" href=\"https:\/\/casevacanzecefalu.com\/de\/listing\/affitto-appartamenti-cefalu-fiamma\/\">\n                <img loading=\"lazy\" decoding=\"async\" width=\"450\" height=\"300\" src=\"https:\/\/casevacanzecefalu.com\/wp-content\/uploads\/2019\/12\/N_T_9741-3-450x300.jpg\" class=\"img-responsive wp-post-image\" alt=\"\" srcset=\"https:\/\/casevacanzecefalu.com\/wp-content\/uploads\/2019\/12\/N_T_9741-3-450x300.jpg 450w, https:\/\/casevacanzecefalu.com\/wp-content\/uploads\/2019\/12\/N_T_9741-3-300x200.jpg 300w, https:\/\/casevacanzecefalu.com\/wp-content\/uploads\/2019\/12\/N_T_9741-3-1024x683.jpg 1024w, https:\/\/casevacanzecefalu.com\/wp-content\/uploads\/2019\/12\/N_T_9741-3-768x512.jpg 768w, https:\/\/casevacanzecefalu.com\/wp-content\/uploads\/2019\/12\/N_T_9741-3-1140x760.jpg 1140w, https:\/\/casevacanzecefalu.com\/wp-content\/uploads\/2019\/12\/N_T_9741-3-120x80.jpg 120w, https:\/\/casevacanzecefalu.com\/wp-content\/uploads\/2019\/12\/N_T_9741-3-750x500.jpg 750w, https:\/\/casevacanzecefalu.com\/wp-content\/uploads\/2019\/12\/N_T_9741-3.jpg 1440w\" sizes=\"(max-width: 450px) 100vw, 450px\" \/>                <\/a>\n\n                                <div class=\"item-media-price\">\n                    <span class=\"item-price\">\n                        <sup>\u20ac<\/sup>65.00<sub>\/notte<\/sub>\n                    <\/span>\n                <\/div>\n                \n                            <\/div>\n        <\/div>\n        <div class=\"media-body item-body clearfix\">\n            <div class=\"item-title-head table-block\">\n                <div class=\"title-head-left\">\n                    <h2 class=\"title\"><a href=\"https:\/\/casevacanzecefalu.com\/de\/listing\/affitto-appartamenti-cefalu-fiamma\/\">\n                    Fiamma<\/a><\/h2>\n                                    <\/div>\n            <\/div>\n\n                        <ul class=\"item-amenities\">\n                \n                \n                \n                \n                                <li class=\"item-type\">Affitto<\/li>\n                            <\/ul>\n            \n            \n            <div class=\"item-footer\">\n\n                \n                \n            <\/div>\n        <\/div>\n    <\/div>\n<\/div><!-- .item-wrap -->            <\/div><!-- grid-listing-page -->\n        <\/div>\n\n        <div style=\"clear:both; width:100%; height:60px\"><\/div>[\/vc_column][\/vc_row][vc_row full_width=&#8221;stretch_row&#8221; css=&#8221;.vc_custom_1542315655725{margin-bottom: -20px !important;background-color: #ffffff !important;}&#8221;][vc_column width=&#8221;2\/12&#8243;][\/vc_column][vc_column width=&#8221;8\/12&#8243;]<div style=\"clear:both; width:100%; height:60px\"><\/div>[vc_separator color=&#8221;custom&#8221; border_width=&#8221;3&#8243; el_width=&#8221;10&#8243; accent_color=&#8221;#5b8b8b&#8221;]\t\t<div class=\"homey-module module-title section-title-module text-center \">\r\n\t\t\t<h2 style=\"font-size: 40px; line-height: 50px;\">Contattaci<\/h2>\r\n\r\n\t\t\t<p  class=\"sub-heading\"><\/p>\r\n\t\t<\/div>\r\n\t\t[vc_column_text css=&#8221;.vc_custom_1572093808689{padding-right: 20px !important;padding-left: 20px !important;}&#8221;][\/vc_column_text]<div style=\"clear:both; width:100%; height:30px\"><\/div>[vc_row_inner][vc_column_inner width=&#8221;1\/2&#8243;]\n<div class=\"wpcf7 no-js\" id=\"wpcf7-f1343-o1\" lang=\"en-US\" dir=\"ltr\">\n<div class=\"screen-reader-response\"><p role=\"status\" aria-live=\"polite\" aria-atomic=\"true\"><\/p> <ul><\/ul><\/div>\n<form action=\"\/de\/wp-json\/wp\/v2\/pages\/2115#wpcf7-f1343-o1\" method=\"post\" class=\"wpcf7-form init\" aria-label=\"Contact form\" novalidate=\"novalidate\" data-status=\"init\">\n<div style=\"display: none;\">\n<input type=\"hidden\" name=\"_wpcf7\" value=\"1343\" \/>\n<input type=\"hidden\" name=\"_wpcf7_version\" value=\"5.9.6\" \/>\n<input type=\"hidden\" name=\"_wpcf7_locale\" value=\"en_US\" \/>\n<input type=\"hidden\" name=\"_wpcf7_unit_tag\" value=\"wpcf7-f1343-o1\" \/>\n<input type=\"hidden\" name=\"_wpcf7_container_post\" value=\"0\" \/>\n<input type=\"hidden\" name=\"_wpcf7_posted_data_hash\" value=\"\" \/>\n<input type=\"hidden\" name=\"_wpcf7_recaptcha_response\" value=\"\" \/>\n<\/div>\n<p><strong>Contattaci<\/strong>\n<\/p>\n<div class=\"form-group\">\n\t<p><span class=\"wpcf7-form-control-wrap\" data-name=\"your-name\"><input size=\"40\" maxlength=\"80\" class=\"wpcf7-form-control wpcf7-text wpcf7-validates-as-required form-control\" aria-required=\"true\" aria-invalid=\"false\" placeholder=\"Nome\" value=\"\" type=\"text\" name=\"your-name\" \/><\/span>\n\t<\/p>\n<\/div>\n<div class=\"form-group\">\n\t<p><span class=\"wpcf7-form-control-wrap\" data-name=\"your-email\"><input size=\"40\" maxlength=\"80\" class=\"wpcf7-form-control wpcf7-email wpcf7-validates-as-required wpcf7-text wpcf7-validates-as-email form-control\" aria-required=\"true\" aria-invalid=\"false\" placeholder=\"email\" value=\"\" type=\"email\" name=\"your-email\" \/><\/span>\n\t<\/p>\n<\/div>\n<div class=\"form-group\">\n\t<p><span class=\"wpcf7-form-control-wrap\" data-name=\"your-message\"><textarea cols=\"10\" rows=\"4\" maxlength=\"400\" class=\"wpcf7-form-control wpcf7-textarea wpcf7-validates-as-required form-control\" aria-required=\"true\" aria-invalid=\"false\" placeholder=\"Inserisci il tuo messaggio\" name=\"your-message\"><\/textarea><\/span>\n\t<\/p>\n<\/div>\n<span class=\"wpcf7-form-control-wrap recaptcha\" data-name=\"recaptcha\"><span data-sitekey=\"6LcN-74UAAAAAL_a8ifgLX9G3D_otKpvzS8Cf4C_\" class=\"wpcf7-form-control wpcf7-recaptcha g-recaptcha\"><\/span>\r\n<noscript>\r\n\t<div class=\"grecaptcha-noscript\">\r\n\t\t<iframe loading=\"lazy\" src=\"https:\/\/www.google.com\/recaptcha\/api\/fallback?k=6LcN-74UAAAAAL_a8ifgLX9G3D_otKpvzS8Cf4C_\" frameborder=\"0\" scrolling=\"no\" width=\"310\" height=\"430\">\r\n\t\t<\/iframe>\r\n\t\t<textarea name=\"g-recaptcha-response\" rows=\"3\" cols=\"40\" placeholder=\"reCaptcha Response Here\">\r\n\t\t<\/textarea>\r\n\t<\/div>\r\n<\/noscript>\r\n<\/span>\n<p><input class=\"wpcf7-form-control wpcf7-submit has-spinner btn btn-primary\" type=\"submit\" value=\"Send\" \/>\n<\/p><p style=\"display: none !important;\" class=\"akismet-fields-container\" data-prefix=\"_wpcf7_ak_\"><label>&#916;<textarea name=\"_wpcf7_ak_hp_textarea\" cols=\"45\" rows=\"8\" maxlength=\"100\"><\/textarea><\/label><input type=\"hidden\" id=\"ak_js_1\" name=\"_wpcf7_ak_js\" value=\"103\"\/><script>document.getElementById( \"ak_js_1\" ).setAttribute( \"value\", ( new Date() ).getTime() );<\/script><\/p><div class=\"wpcf7-response-output\" aria-hidden=\"true\"><\/div>\n<\/form>\n<\/div>\n[\/vc_column_inner][vc_column_inner width=&#8221;1\/2&#8243;][vc_column_text]<strong>Indirizzo<\/strong><\/p>\n<p class=\"section-hero-header-title\">Via Giovanni Amendola c.le Vizzini, 11<\/p>\n<p class=\"section-hero-header-title\"><strong>Telefono<\/strong>: +39 351 9742396<\/p>\n<p class=\"section-hero-header-title\"><strong>Email<\/strong>: info@casevacanzecefalu.com<\/p>\n<p style=\"text-align: left;\"><strong>Follow us on:<\/strong><\/p>\n<p>[\/vc_column_text][vc_btn title=&#8221;&#8221; style=&#8221;outline-custom&#8221; outline_custom_color=&#8221;#506dab&#8221; outline_custom_hover_background=&#8221;#506dab&#8221; outline_custom_hover_text=&#8221;#ffffff&#8221; size=&#8221;sm&#8221; i_icon_fontawesome=&#8221;fa fa-facebook&#8221; add_icon=&#8221;true&#8221;][vc_btn title=&#8221;&#8221; style=&#8221;outline-custom&#8221; outline_custom_color=&#8221;#00aced&#8221; outline_custom_hover_background=&#8221;#00aced&#8221; outline_custom_hover_text=&#8221;#ffffff&#8221; size=&#8221;sm&#8221; i_icon_fontawesome=&#8221;fa fa-twitter&#8221; add_icon=&#8221;true&#8221;][vc_btn title=&#8221;&#8221; style=&#8221;outline-custom&#8221; outline_custom_color=&#8221;#517fa4&#8243; outline_custom_hover_background=&#8221;#517fa4&#8243; outline_custom_hover_text=&#8221;#ffffff&#8221; size=&#8221;sm&#8221; i_icon_fontawesome=&#8221;fa fa-instagram&#8221; add_icon=&#8221;true&#8221;][vc_btn title=&#8221;&#8221; style=&#8221;outline-custom&#8221; outline_custom_color=&#8221;#5b8b8b&#8221; outline_custom_hover_background=&#8221;#5b8b8b&#8221; outline_custom_hover_text=&#8221;#ffffff&#8221; size=&#8221;sm&#8221; i_icon_fontawesome=&#8221;fa fa-tripadvisor&#8221; add_icon=&#8221;true&#8221;][\/vc_column_inner][\/vc_row_inner]<div style=\"clear:both; width:100%; height:60px\"><\/div>[\/vc_column][vc_column width=&#8221;2\/12&#8243;][\/vc_column][\/vc_row]<\/p>\n","protected":false},"excerpt":{"rendered":"<p>[vc_row full_width=&#8221;stretch_row&#8221; disable_element=&#8221;yes&#8221; css=&#8221;.vc_custom_1572466617827{margin-top: -21px !important;background-position: center !important;background-repeat: no-repeat !important;background-size: cover !important;}&#8221; el_class=&#8221;white-text&#8221;][vc_column width=&#8221;1\/6&#8243;][\/vc_column][vc_column width=&#8221;2\/3&#8243;][\/vc_column][vc_column width=&#8221;1\/6&#8243;][\/vc_column][\/vc_row][vc_row full_width=&#8221;stretch_row&#8221; css=&#8221;.vc_custom_1542742533541{background-position: center !important;background-repeat: no-repeat !important;background-size: cover !important;}&#8221;][vc_column width=&#8221;1\/6&#8243;][\/vc_column][vc_column width=&#8221;2\/3&#8243;][vc_separator color=&#8221;custom&#8221; border_width=&#8221;3&#8243; el_width=&#8221;10&#8243; accent_color=&#8221;#5b8b8b&#8221;][vc_column_text] Uno dei paesi pi\u00f9 belli del mediterraneo \u00a0ricco di storia e tradizioni [\/vc_column_text][\/vc_column][vc_column width=&#8221;1\/6&#8243;][\/vc_column][\/vc_row][vc_row][vc_column width=&#8221;1\/3&#8243;][vc_single_image image=&#8221;2342&#8243; img_size=&#8221;600&#215;400&#8243; onclick=&#8221;zoom&#8221;][vc_column_text]La struttura del duomo di Cefal\u00f9, ricalca le [&hellip;]<\/p>\n","protected":false},"author":1,"featured_media":0,"parent":0,"menu_order":0,"comment_status":"closed","ping_status":"closed","template":"template\/template-homepage.php","meta":{"ngg_post_thumbnail":0,"_joinchat":[],"footnotes":""},"yoast_head":"<!-- This site is optimized with the Yoast SEO plugin v24.2 - https:\/\/yoast.com\/wordpress\/plugins\/seo\/ -->\n<title>Cosa fare e vedere a Cefal\u00f9 - Case Vacanze Cefal\u00f9<\/title>\n<meta name=\"description\" content=\"Cefal\u00f9 uno dei paesi pi\u00f9 belli del mediterraneo ricco di storia e tradizioni offre diversi luoghi da visitare, come il Duomo, il lavatoio medievale ecc.\" \/>\n<meta name=\"robots\" content=\"index, follow, max-snippet:-1, max-image-preview:large, max-video-preview:-1\" \/>\n<link rel=\"canonical\" href=\"https:\/\/casevacanzecefalu.com\/en\/vacanze-sicilia-cefalu-luoghi-da-visitare\/\" \/>\n<meta property=\"og:locale\" content=\"de_DE\" \/>\n<meta property=\"og:type\" content=\"article\" \/>\n<meta property=\"og:title\" content=\"Cosa fare e vedere a Cefal\u00f9 - Case Vacanze Cefal\u00f9\" \/>\n<meta property=\"og:description\" content=\"Cefal\u00f9 uno dei paesi pi\u00f9 belli del mediterraneo ricco di storia e tradizioni offre diversi luoghi da visitare, come il Duomo, il lavatoio medievale ecc.\" \/>\n<meta property=\"og:url\" content=\"https:\/\/casevacanzecefalu.com\/en\/vacanze-sicilia-cefalu-luoghi-da-visitare\/\" \/>\n<meta property=\"og:site_name\" content=\"Case Vacanze Cefal\u00f9\" \/>\n<meta property=\"article:modified_time\" content=\"2020-01-12T18:02:23+00:00\" \/>\n<meta name=\"twitter:card\" content=\"summary_large_image\" \/>\n<meta name=\"twitter:label1\" content=\"Gesch\u00e4tzte Lesezeit\" \/>\n\t<meta name=\"twitter:data1\" content=\"6\u00a0Minuten\" \/>\n<script type=\"application\/ld+json\" class=\"yoast-schema-graph\">{\"@context\":\"https:\/\/schema.org\",\"@graph\":[{\"@type\":\"WebPage\",\"@id\":\"https:\/\/casevacanzecefalu.com\/en\/vacanze-sicilia-cefalu-luoghi-da-visitare\/\",\"url\":\"https:\/\/casevacanzecefalu.com\/en\/vacanze-sicilia-cefalu-luoghi-da-visitare\/\",\"name\":\"Cosa fare e vedere a Cefal\u00f9 - Case Vacanze Cefal\u00f9\",\"isPartOf\":{\"@id\":\"https:\/\/casevacanzecefalu.com\/#website\"},\"datePublished\":\"2018-11-20T19:17:44+00:00\",\"dateModified\":\"2020-01-12T18:02:23+00:00\",\"description\":\"Cefal\u00f9 uno dei paesi pi\u00f9 belli del mediterraneo ricco di storia e tradizioni offre diversi luoghi da visitare, come il Duomo, il lavatoio medievale ecc.\",\"breadcrumb\":{\"@id\":\"https:\/\/casevacanzecefalu.com\/en\/vacanze-sicilia-cefalu-luoghi-da-visitare\/#breadcrumb\"},\"inLanguage\":\"de\",\"potentialAction\":[{\"@type\":\"ReadAction\",\"target\":[\"https:\/\/casevacanzecefalu.com\/en\/vacanze-sicilia-cefalu-luoghi-da-visitare\/\"]}]},{\"@type\":\"BreadcrumbList\",\"@id\":\"https:\/\/casevacanzecefalu.com\/en\/vacanze-sicilia-cefalu-luoghi-da-visitare\/#breadcrumb\",\"itemListElement\":[{\"@type\":\"ListItem\",\"position\":1,\"name\":\"Home\",\"item\":\"https:\/\/casevacanzecefalu.com\/\"},{\"@type\":\"ListItem\",\"position\":2,\"name\":\"Cefal\u00f9\"}]},{\"@type\":\"WebSite\",\"@id\":\"https:\/\/casevacanzecefalu.com\/#website\",\"url\":\"https:\/\/casevacanzecefalu.com\/\",\"name\":\"Case Vacanze Cefal\u00f9\",\"description\":\"affitto case ed appartamenti a Cefal\u00f9\",\"publisher\":{\"@id\":\"https:\/\/casevacanzecefalu.com\/#organization\"},\"potentialAction\":[{\"@type\":\"SearchAction\",\"target\":{\"@type\":\"EntryPoint\",\"urlTemplate\":\"https:\/\/casevacanzecefalu.com\/?s={search_term_string}\"},\"query-input\":{\"@type\":\"PropertyValueSpecification\",\"valueRequired\":true,\"valueName\":\"search_term_string\"}}],\"inLanguage\":\"de\"},{\"@type\":\"Organization\",\"@id\":\"https:\/\/casevacanzecefalu.com\/#organization\",\"name\":\"Case Vacanze Cefal\u00f9\",\"url\":\"https:\/\/casevacanzecefalu.com\/\",\"logo\":{\"@type\":\"ImageObject\",\"inLanguage\":\"de\",\"@id\":\"https:\/\/casevacanzecefalu.com\/#\/schema\/logo\/image\/\",\"url\":\"https:\/\/casevacanzecefalu.com\/wp-content\/uploads\/2019\/12\/casevacanzacefalu.png\",\"contentUrl\":\"https:\/\/casevacanzecefalu.com\/wp-content\/uploads\/2019\/12\/casevacanzacefalu.png\",\"width\":300,\"height\":73,\"caption\":\"Case Vacanze Cefal\u00f9\"},\"image\":{\"@id\":\"https:\/\/casevacanzecefalu.com\/#\/schema\/logo\/image\/\"}}]}<\/script>\n<!-- \/ Yoast SEO plugin. -->","yoast_head_json":{"title":"Cosa fare e vedere a Cefal\u00f9 - Case Vacanze Cefal\u00f9","description":"Cefal\u00f9 uno dei paesi pi\u00f9 belli del mediterraneo ricco di storia e tradizioni offre diversi luoghi da visitare, come il Duomo, il lavatoio medievale ecc.","robots":{"index":"index","follow":"follow","max-snippet":"max-snippet:-1","max-image-preview":"max-image-preview:large","max-video-preview":"max-video-preview:-1"},"canonical":"https:\/\/casevacanzecefalu.com\/en\/vacanze-sicilia-cefalu-luoghi-da-visitare\/","og_locale":"de_DE","og_type":"article","og_title":"Cosa fare e vedere a Cefal\u00f9 - Case Vacanze Cefal\u00f9","og_description":"Cefal\u00f9 uno dei paesi pi\u00f9 belli del mediterraneo ricco di storia e tradizioni offre diversi luoghi da visitare, come il Duomo, il lavatoio medievale ecc.","og_url":"https:\/\/casevacanzecefalu.com\/en\/vacanze-sicilia-cefalu-luoghi-da-visitare\/","og_site_name":"Case Vacanze Cefal\u00f9","article_modified_time":"2020-01-12T18:02:23+00:00","twitter_card":"summary_large_image","twitter_misc":{"Gesch\u00e4tzte Lesezeit":"6\u00a0Minuten"},"schema":{"@context":"https:\/\/schema.org","@graph":[{"@type":"WebPage","@id":"https:\/\/casevacanzecefalu.com\/en\/vacanze-sicilia-cefalu-luoghi-da-visitare\/","url":"https:\/\/casevacanzecefalu.com\/en\/vacanze-sicilia-cefalu-luoghi-da-visitare\/","name":"Cosa fare e vedere a Cefal\u00f9 - Case Vacanze Cefal\u00f9","isPartOf":{"@id":"https:\/\/casevacanzecefalu.com\/#website"},"datePublished":"2018-11-20T19:17:44+00:00","dateModified":"2020-01-12T18:02:23+00:00","description":"Cefal\u00f9 uno dei paesi pi\u00f9 belli del mediterraneo ricco di storia e tradizioni offre diversi luoghi da visitare, come il Duomo, il lavatoio medievale ecc.","breadcrumb":{"@id":"https:\/\/casevacanzecefalu.com\/en\/vacanze-sicilia-cefalu-luoghi-da-visitare\/#breadcrumb"},"inLanguage":"de","potentialAction":[{"@type":"ReadAction","target":["https:\/\/casevacanzecefalu.com\/en\/vacanze-sicilia-cefalu-luoghi-da-visitare\/"]}]},{"@type":"BreadcrumbList","@id":"https:\/\/casevacanzecefalu.com\/en\/vacanze-sicilia-cefalu-luoghi-da-visitare\/#breadcrumb","itemListElement":[{"@type":"ListItem","position":1,"name":"Home","item":"https:\/\/casevacanzecefalu.com\/"},{"@type":"ListItem","position":2,"name":"Cefal\u00f9"}]},{"@type":"WebSite","@id":"https:\/\/casevacanzecefalu.com\/#website","url":"https:\/\/casevacanzecefalu.com\/","name":"Case Vacanze Cefal\u00f9","description":"affitto case ed appartamenti a Cefal\u00f9","publisher":{"@id":"https:\/\/casevacanzecefalu.com\/#organization"},"potentialAction":[{"@type":"SearchAction","target":{"@type":"EntryPoint","urlTemplate":"https:\/\/casevacanzecefalu.com\/?s={search_term_string}"},"query-input":{"@type":"PropertyValueSpecification","valueRequired":true,"valueName":"search_term_string"}}],"inLanguage":"de"},{"@type":"Organization","@id":"https:\/\/casevacanzecefalu.com\/#organization","name":"Case Vacanze Cefal\u00f9","url":"https:\/\/casevacanzecefalu.com\/","logo":{"@type":"ImageObject","inLanguage":"de","@id":"https:\/\/casevacanzecefalu.com\/#\/schema\/logo\/image\/","url":"https:\/\/casevacanzecefalu.com\/wp-content\/uploads\/2019\/12\/casevacanzacefalu.png","contentUrl":"https:\/\/casevacanzecefalu.com\/wp-content\/uploads\/2019\/12\/casevacanzacefalu.png","width":300,"height":73,"caption":"Case Vacanze Cefal\u00f9"},"image":{"@id":"https:\/\/casevacanzecefalu.com\/#\/schema\/logo\/image\/"}}]}},"_links":{"self":[{"href":"https:\/\/casevacanzecefalu.com\/de\/wp-json\/wp\/v2\/pages\/2115"}],"collection":[{"href":"https:\/\/casevacanzecefalu.com\/de\/wp-json\/wp\/v2\/pages"}],"about":[{"href":"https:\/\/casevacanzecefalu.com\/de\/wp-json\/wp\/v2\/types\/page"}],"author":[{"embeddable":true,"href":"https:\/\/casevacanzecefalu.com\/de\/wp-json\/wp\/v2\/users\/1"}],"replies":[{"embeddable":true,"href":"https:\/\/casevacanzecefalu.com\/de\/wp-json\/wp\/v2\/comments?post=2115"}],"version-history":[{"count":28,"href":"https:\/\/casevacanzecefalu.com\/de\/wp-json\/wp\/v2\/pages\/2115\/revisions"}],"predecessor-version":[{"id":2551,"href":"https:\/\/casevacanzecefalu.com\/de\/wp-json\/wp\/v2\/pages\/2115\/revisions\/2551"}],"wp:attachment":[{"href":"https:\/\/casevacanzecefalu.com\/de\/wp-json\/wp\/v2\/media?parent=2115"}],"curies":[{"name":"wp","href":"https:\/\/api.w.org\/{rel}","templated":true}]}}